{"id":1153,"date":"2024-06-04T14:46:29","date_gmt":"2024-06-04T13:46:29","guid":{"rendered":"https:\/\/powerhub.at\/?page_id=1153"},"modified":"2025-11-25T13:18:58","modified_gmt":"2025-11-25T12:18:58","slug":"storebility2market","status":"publish","type":"page","link":"https:\/\/powerhub.at\/index.php\/storebility2market\/","title":{"rendered":"Storebility2Market"},"content":{"rendered":"\t\t<div data-elementor-type=\"wp-page\" data-elementor-id=\"1153\" class=\"elementor elementor-1153\" data-elementor-post-type=\"page\">\n\t\t\t\t<div class=\"elementor-element elementor-element-9b497ff e-con-full e-flex e-con e-parent\" data-id=\"9b497ff\" data-element_type=\"container\" data-settings=\"{&quot;background_background&quot;:&quot;classic&quot;}\">\n\t\t<div class=\"elementor-element elementor-element-c8ac698 e-flex e-con-boxed e-con e-child\" data-id=\"c8ac698\" data-element_type=\"container\" data-settings=\"{&quot;background_background&quot;:&quot;classic&quot;}\">\n\t\t\t\t\t<div class=\"e-con-inner\">\n\t\t\t\t<div class=\"elementor-element elementor-element-914f853 elementor-widget elementor-widget-heading\" data-id=\"914f853\" data-element_type=\"widget\" data-widget_type=\"heading.default\">\n\t\t\t\t<div class=\"elementor-widget-container\">\n\t\t\t\t\t<h4 class=\"elementor-heading-title elementor-size-default\">Forschungsprojekt<\/h4>\t\t\t\t<\/div>\n\t\t\t\t<\/div>\n\t\t\t\t<div class=\"elementor-element elementor-element-87ac7bb elementor-widget elementor-widget-heading\" data-id=\"87ac7bb\" data-element_type=\"widget\" data-widget_type=\"heading.default\">\n\t\t\t\t<div class=\"elementor-widget-container\">\n\t\t\t\t\t<h1 class=\"elementor-heading-title elementor-size-default\">Storebility2Market<\/h1>\t\t\t\t<\/div>\n\t\t\t\t<\/div>\n\t\t<div class=\"elementor-element elementor-element-fa4c1d5 e-con-full e-flex e-con e-child\" data-id=\"fa4c1d5\" data-element_type=\"container\">\n\t\t\t\t<div class=\"elementor-element elementor-element-fcf967d elementor-widget elementor-widget-text-editor\" data-id=\"fcf967d\" data-element_type=\"widget\" data-widget_type=\"text-editor.default\">\n\t\t\t\t<div class=\"elementor-widget-container\">\n\t\t\t\t\t\t\t\t\tEvaluierung und Demonstration der energiewirtschaftlichen und -technischen Potenziale von bidirektionalem Laden\t\t\t\t\t\t\t\t<\/div>\n\t\t\t\t<\/div>\n\t\t\t\t<\/div>\n\t\t\t\t\t<\/div>\n\t\t\t\t<\/div>\n\t\t<div class=\"elementor-element elementor-element-c99c82f e-flex e-con-boxed e-con e-child\" data-id=\"c99c82f\" data-element_type=\"container\" data-settings=\"{&quot;background_background&quot;:&quot;classic&quot;}\">\n\t\t\t\t\t<div class=\"e-con-inner\">\n\t\t\t\t\t<\/div>\n\t\t\t\t<\/div>\n\t\t\t\t<\/div>\n\t\t<div class=\"elementor-element elementor-element-c2c239a e-flex e-con-boxed e-con e-parent\" data-id=\"c2c239a\" data-element_type=\"container\" data-settings=\"{&quot;background_background&quot;:&quot;classic&quot;}\">\n\t\t\t\t\t<div class=\"e-con-inner\">\n\t\t\t\t<div class=\"elementor-element elementor-element-786667a elementor-grid-3 elementor-grid-tablet-2 elementor-grid-mobile-1 elementor-posts--thumbnail-top load-more-align-center elementor-widget elementor-widget-posts\" data-id=\"786667a\" data-element_type=\"widget\" data-settings=\"{&quot;pagination_type&quot;:&quot;load_more_on_click&quot;,&quot;classic_columns&quot;:&quot;3&quot;,&quot;classic_columns_tablet&quot;:&quot;2&quot;,&quot;classic_columns_mobile&quot;:&quot;1&quot;,&quot;classic_row_gap&quot;:{&quot;unit&quot;:&quot;px&quot;,&quot;size&quot;:35,&quot;sizes&quot;:[]},&quot;classic_row_gap_tablet&quot;:{&quot;unit&quot;:&quot;px&quot;,&quot;size&quot;:&quot;&quot;,&quot;sizes&quot;:[]},&quot;classic_row_gap_mobile&quot;:{&quot;unit&quot;:&quot;px&quot;,&quot;size&quot;:&quot;&quot;,&quot;sizes&quot;:[]},&quot;load_more_spinner&quot;:{&quot;value&quot;:&quot;fas fa-spinner&quot;,&quot;library&quot;:&quot;fa-solid&quot;}}\" data-widget_type=\"posts.classic\">\n\t\t\t\t<div class=\"elementor-widget-container\">\n\t\t\t\t\t\t\t<div class=\"elementor-posts-container elementor-posts elementor-posts--skin-classic elementor-grid\" role=\"list\">\n\t\t\t\t<article class=\"elementor-post elementor-grid-item post-2377 post type-post status-publish format-standard has-post-thumbnail hentry category-forschungsprojekte category-v2g-network category-storebility2market-forschungsprojekte category-beitrag\" role=\"listitem\">\n\t\t\t\t<a class=\"elementor-post__thumbnail__link\" href=\"https:\/\/powerhub.at\/index.php\/2025\/10\/23\/elektromobilitaet-das-beste-kommt-noch\/\" tabindex=\"-1\" >\n\t\t\t<div class=\"elementor-post__thumbnail\"><img fetchpriority=\"high\" decoding=\"async\" width=\"711\" height=\"537\" src=\"https:\/\/powerhub.at\/wp-content\/uploads\/2025\/10\/Bildschirmfoto-2025-10-23-um-20.55.59.png\" class=\"attachment-large size-large wp-image-2378\" alt=\"\" srcset=\"https:\/\/powerhub.at\/wp-content\/uploads\/2025\/10\/Bildschirmfoto-2025-10-23-um-20.55.59.png 711w, https:\/\/powerhub.at\/wp-content\/uploads\/2025\/10\/Bildschirmfoto-2025-10-23-um-20.55.59-300x227.png 300w\" sizes=\"(max-width: 711px) 100vw, 711px\" \/><\/div>\n\t\t<\/a>\n\t\t\t\t<div class=\"elementor-post__text\">\n\t\t\t\t<h3 class=\"elementor-post__title\">\n\t\t\t<a href=\"https:\/\/powerhub.at\/index.php\/2025\/10\/23\/elektromobilitaet-das-beste-kommt-noch\/\" >\n\t\t\t\tElektromobilit\u00e4t? Das Beste kommt noch&#8230;\t\t\t<\/a>\n\t\t<\/h3>\n\t\t\t\t<div class=\"elementor-post__meta-data\">\n\t\t\t\t\t<span class=\"elementor-post-date\">\n\t\t\t23\/10\/2025\t\t<\/span>\n\t\t\t\t<\/div>\n\t\t\t\t<div class=\"elementor-post__excerpt\">\n\t\t\t<p>Bei den Elektromobilit\u00e4tstagen 2025 von Oesterreichs Energie stand auch das Thema bidirektionales Laden im Fokus. Mit dabei Kurt Leonhartsberger, der spannende Ergebnisse aus den Forschungsprojekten<\/p>\n\t\t<\/div>\n\t\t\n\t\t<a class=\"elementor-post__read-more\" href=\"https:\/\/powerhub.at\/index.php\/2025\/10\/23\/elektromobilitaet-das-beste-kommt-noch\/\" aria-label=\"Mehr \u00fcber Elektromobilit\u00e4t? Das Beste kommt noch&#8230;\" tabindex=\"-1\" >\n\t\t\tmehr &gt;\t\t<\/a>\n\n\t\t\t\t<\/div>\n\t\t\t\t<\/article>\n\t\t\t\t<article class=\"elementor-post elementor-grid-item post-2346 post type-post status-publish format-standard has-post-thumbnail hentry category-forschungsprojekte category-v2g-network category-storebility2market-forschungsprojekte category-beitrag\" role=\"listitem\">\n\t\t\t\t<a class=\"elementor-post__thumbnail__link\" href=\"https:\/\/powerhub.at\/index.php\/2025\/10\/03\/ist-mein-auto-auch-ein-stromspeicher-und-wenn-ja-wie-kann-ich-diesen-nutzen\/\" tabindex=\"-1\" >\n\t\t\t<div class=\"elementor-post__thumbnail\"><img decoding=\"async\" width=\"1024\" height=\"471\" src=\"https:\/\/powerhub.at\/wp-content\/uploads\/2025\/10\/IMG_20250924_180027-1024x471.jpg\" class=\"attachment-large size-large wp-image-2348\" alt=\"\" srcset=\"https:\/\/powerhub.at\/wp-content\/uploads\/2025\/10\/IMG_20250924_180027-1024x471.jpg 1024w, https:\/\/powerhub.at\/wp-content\/uploads\/2025\/10\/IMG_20250924_180027-300x138.jpg 300w, https:\/\/powerhub.at\/wp-content\/uploads\/2025\/10\/IMG_20250924_180027-768x353.jpg 768w, https:\/\/powerhub.at\/wp-content\/uploads\/2025\/10\/IMG_20250924_180027-1536x707.jpg 1536w, https:\/\/powerhub.at\/wp-content\/uploads\/2025\/10\/IMG_20250924_180027-2048x942.jpg 2048w\" sizes=\"(max-width: 1024px) 100vw, 1024px\" \/><\/div>\n\t\t<\/a>\n\t\t\t\t<div class=\"elementor-post__text\">\n\t\t\t\t<h3 class=\"elementor-post__title\">\n\t\t\t<a href=\"https:\/\/powerhub.at\/index.php\/2025\/10\/03\/ist-mein-auto-auch-ein-stromspeicher-und-wenn-ja-wie-kann-ich-diesen-nutzen\/\" >\n\t\t\t\tIst mein Auto auch ein Stromspeicher? Und wenn ja, wie kann ich diesen nutzen?\t\t\t<\/a>\n\t\t<\/h3>\n\t\t\t\t<div class=\"elementor-post__meta-data\">\n\t\t\t\t\t<span class=\"elementor-post-date\">\n\t\t\t03\/10\/2025\t\t<\/span>\n\t\t\t\t<\/div>\n\t\t\t\t<div class=\"elementor-post__excerpt\">\n\t\t\t<p>Diese Fragen stellen sich zunehmend mehr und mehr BesitzerInnen eines Elektroautos. Um hier etwas Licht ins Dunkel zu bringen, veranstalteten wir gestern im Rahmen der Forschungsprojekte &#8222;Storebility2Market&#8220; sowie &#8222;V2G Network&#8220; den ersten \u201eV2G-Connectathon\u201c im Technologiezentrum Perg.<\/p>\n\t\t<\/div>\n\t\t\n\t\t<a class=\"elementor-post__read-more\" href=\"https:\/\/powerhub.at\/index.php\/2025\/10\/03\/ist-mein-auto-auch-ein-stromspeicher-und-wenn-ja-wie-kann-ich-diesen-nutzen\/\" aria-label=\"Mehr \u00fcber Ist mein Auto auch ein Stromspeicher? Und wenn ja, wie kann ich diesen nutzen?\" tabindex=\"-1\" >\n\t\t\tmehr &gt;\t\t<\/a>\n\n\t\t\t\t<\/div>\n\t\t\t\t<\/article>\n\t\t\t\t<article class=\"elementor-post elementor-grid-item post-2338 post type-post status-publish format-standard has-post-thumbnail hentry category-event category-forschungsprojekte category-storebility2market-forschungsprojekte category-beitrag\" role=\"listitem\">\n\t\t\t\t<a class=\"elementor-post__thumbnail__link\" href=\"https:\/\/powerhub.at\/index.php\/2025\/10\/03\/mobilitaets-praxistag-in-ravelsbach-die-mobilitaetszukunft-hautnah-erleben\/\" tabindex=\"-1\" >\n\t\t\t<div class=\"elementor-post__thumbnail\"><img decoding=\"async\" width=\"605\" height=\"433\" src=\"https:\/\/powerhub.at\/wp-content\/uploads\/2025\/10\/Ravelsbach.png\" class=\"attachment-large size-large wp-image-2340\" alt=\"\" srcset=\"https:\/\/powerhub.at\/wp-content\/uploads\/2025\/10\/Ravelsbach.png 605w, https:\/\/powerhub.at\/wp-content\/uploads\/2025\/10\/Ravelsbach-300x215.png 300w\" sizes=\"(max-width: 605px) 100vw, 605px\" \/><\/div>\n\t\t<\/a>\n\t\t\t\t<div class=\"elementor-post__text\">\n\t\t\t\t<h3 class=\"elementor-post__title\">\n\t\t\t<a href=\"https:\/\/powerhub.at\/index.php\/2025\/10\/03\/mobilitaets-praxistag-in-ravelsbach-die-mobilitaetszukunft-hautnah-erleben\/\" >\n\t\t\t\tMobilit\u00e4ts-Praxistag in Ravelsbach: die Mobilit\u00e4tszukunft hautnah erleben!\t\t\t<\/a>\n\t\t<\/h3>\n\t\t\t\t<div class=\"elementor-post__meta-data\">\n\t\t\t\t\t<span class=\"elementor-post-date\">\n\t\t\t03\/10\/2025\t\t<\/span>\n\t\t\t\t<\/div>\n\t\t\t\t<div class=\"elementor-post__excerpt\">\n\t\t\t<p>Wo? Hauptplatz Ravelsbach<\/p>\n<p>Wann? 09. Oktober 2025 ab 16:00<\/p>\n\t\t<\/div>\n\t\t\n\t\t<a class=\"elementor-post__read-more\" href=\"https:\/\/powerhub.at\/index.php\/2025\/10\/03\/mobilitaets-praxistag-in-ravelsbach-die-mobilitaetszukunft-hautnah-erleben\/\" aria-label=\"Mehr \u00fcber Mobilit\u00e4ts-Praxistag in Ravelsbach: die Mobilit\u00e4tszukunft hautnah erleben!\" tabindex=\"-1\" >\n\t\t\tmehr &gt;\t\t<\/a>\n\n\t\t\t\t<\/div>\n\t\t\t\t<\/article>\n\t\t\t\t<\/div>\n\t\t\t\t\t<span class=\"e-load-more-spinner\">\n\t\t\t\t<svg aria-hidden=\"true\" class=\"e-font-icon-svg e-fas-spinner\" viewBox=\"0 0 512 512\" xmlns=\"http:\/\/www.w3.org\/2000\/svg\"><path d=\"M304 48c0 26.51-21.49 48-48 48s-48-21.49-48-48 21.49-48 48-48 48 21.49 48 48zm-48 368c-26.51 0-48 21.49-48 48s21.49 48 48 48 48-21.49 48-48-21.49-48-48-48zm208-208c-26.51 0-48 21.49-48 48s21.49 48 48 48 48-21.49 48-48-21.49-48-48-48zM96 256c0-26.51-21.49-48-48-48S0 229.49 0 256s21.49 48 48 48 48-21.49 48-48zm12.922 99.078c-26.51 0-48 21.49-48 48s21.49 48 48 48 48-21.49 48-48c0-26.509-21.491-48-48-48zm294.156 0c-26.51 0-48 21.49-48 48s21.49 48 48 48 48-21.49 48-48c0-26.509-21.49-48-48-48zM108.922 60.922c-26.51 0-48 21.49-48 48s21.49 48 48 48 48-21.49 48-48-21.491-48-48-48z\"><\/path><\/svg>\t\t\t<\/span>\n\t\t\n\t\t\t\t<div class=\"e-load-more-anchor\" data-page=\"1\" data-max-page=\"6\" data-next-page=\"https:\/\/powerhub.at\/index.php\/wp-json\/wp\/v2\/pages\/1153\/page\/2\/\"><\/div>\n\t\t\t\t<div class=\"elementor-button-wrapper\">\n\t\t\t<a class=\"elementor-button elementor-size-sm\" role=\"button\">\n\t\t\t\t\t\t<span class=\"elementor-button-content-wrapper\">\n\t\t\t\t\t\t\t\t\t<span class=\"elementor-button-text\">Weitere Beitr\u00e4ge<\/span>\n\t\t\t\t\t<\/span>\n\t\t\t\t\t<\/a>\n\t\t<\/div>\n\t\t\t\t<div class=\"e-load-more-message\"><\/div>\n\t\t\t\t\t\t<\/div>\n\t\t\t\t<\/div>\n\t\t\t\t\t<\/div>\n\t\t\t\t<\/div>\n\t\t<div class=\"elementor-element elementor-element-902ac9b e-flex e-con-boxed e-con e-parent\" data-id=\"902ac9b\" data-element_type=\"container\" data-settings=\"{&quot;background_background&quot;:&quot;classic&quot;}\">\n\t\t\t\t\t<div class=\"e-con-inner\">\n\t\t\t\t<div class=\"elementor-element elementor-element-9ca7340 elementor-widget elementor-widget-heading\" data-id=\"9ca7340\" data-element_type=\"widget\" data-widget_type=\"heading.default\">\n\t\t\t\t<div class=\"elementor-widget-container\">\n\t\t\t\t\t<h2 class=\"elementor-heading-title elementor-size-default\">\u00dcber das Projekt Storebility2Market<\/h2>\t\t\t\t<\/div>\n\t\t\t\t<\/div>\n\t\t\t\t<div class=\"elementor-element elementor-element-c9be392 elementor-widget elementor-widget-heading\" data-id=\"c9be392\" data-element_type=\"widget\" data-widget_type=\"heading.default\">\n\t\t\t\t<div class=\"elementor-widget-container\">\n\t\t\t\t\t<h3 class=\"elementor-heading-title elementor-size-default\">Ausgangssituation und Problemstellung<\/h3>\t\t\t\t<\/div>\n\t\t\t\t<\/div>\n\t\t\t\t<div class=\"elementor-element elementor-element-9e79d94 elementor-widget elementor-widget-text-editor\" data-id=\"9e79d94\" data-element_type=\"widget\" data-widget_type=\"text-editor.default\">\n\t\t\t\t<div class=\"elementor-widget-container\">\n\t\t\t\t\t\t\t\t\t<p>Sowohl der Ausbau von Photovoltaikanlagen als auch der Bestand an elektrisch betriebenen Fahrzeugen nimmt stetig zu. Immer mehr Menschen sind privat aber auch beruflich elektrisch unterwegs und mehr und mehr Elektroautos sind auf den Stra\u00dfen, aber die meiste Zeit in Garagen und Carports, auf \u00f6ffentlichen Pendlerparkpl\u00e4tzen bzw. auf den Parkpl\u00e4tzen von Unternehmen zu finden. Gro\u00dfe Chancen bietet hier vor allem die M\u00f6glichkeit das Elektroauto bidirektional zu be- und entladen (und das Elektroauto damit als Stromspeicher zu nutzen). Damit k\u00f6nnen nicht nur unerw\u00fcnschte Auswirkungen der Elektromobilit\u00e4t reduziert bzw. eliminiert werden, sondern \u2013 richtig eingesetzt &#8211; auch ein netz- und systemdienlicher Zusatznutzen f\u00fcr unser Energiesystem geschaffen werden, von dem alle \u2013 egal ob Privatperson, Unternehmen oder Gemeinde \u2013 profitieren k\u00f6nnen. In den Projekten und Car2Flex wurde die technische Machbarkeit von bidirektionalem Laden unter Beweis gestellt und dessen positive Effekte prototypisch demonstriert. Schl\u00fcsselfertige, anwendbare L\u00f6sungen fehlen jedoch weiterhin, ebenso Bewusstsein und Akzeptanz der Bev\u00f6lkerung.<\/p>\t\t\t\t\t\t\t\t<\/div>\n\t\t\t\t<\/div>\n\t\t\t\t<div class=\"elementor-element elementor-element-4c9f23d elementor-widget elementor-widget-heading\" data-id=\"4c9f23d\" data-element_type=\"widget\" data-widget_type=\"heading.default\">\n\t\t\t\t<div class=\"elementor-widget-container\">\n\t\t\t\t\t<h3 class=\"elementor-heading-title elementor-size-default\">Ziele und Methoden<\/h3>\t\t\t\t<\/div>\n\t\t\t\t<\/div>\n\t\t\t\t<div class=\"elementor-element elementor-element-8252d92 elementor-widget elementor-widget-text-editor\" data-id=\"8252d92\" data-element_type=\"widget\" data-widget_type=\"text-editor.default\">\n\t\t\t\t<div class=\"elementor-widget-container\">\n\t\t\t\t\t\t\t\t\t<p><span style=\"font-style: inherit;font-weight: inherit;background-color: var(--ast-global-color-5);color: var( --e-global-color-text )\">Um diese Herausforderungen zu l\u00f6sen und damit das enorme Potenzial erschlie\u00dfen zu k\u00f6nnen, werden im geplanten Projekt folgende Ziele verfolgt:<\/span><\/p><ol><li>Demonstration der technischen Machbarkeit sowie der Praxistauglichkeit und Skalierbarkeit: Dazu werden im Projekt 3-5 ausgew\u00e4hlte, am Markt verf\u00fcgbare bidirektionale Ladestationen an gut sichtbaren und hoch frequentierten Teststandorten \u00fcber mehr als 6 Monate mit unterschiedlichen Bewirtschaftungsstrategien getestet.<\/li><li>Entwicklung nutzer- und anwendungsorientierter Systeml\u00f6sungen: Dazu werden in Co-Creation-Workshops gemeinsam mit diversen Stakeholdern wie Unternehmen und deren MitarbeiterInnen, Interessensvertretungen, Privatpersonen,\u2026 nutzer- und anwendungsorientierte Konzepte und L\u00f6sungen f\u00fcr eine optimale zuk\u00fcnftige Nutzung bidirektionaler Ladeinfrastruktur erarbeitet. Die gemeinsame Erarbeitung soll zu einer hohen Akzeptanz der entwickelten L\u00f6sungsans\u00e4tze f\u00fchren.<\/li><li>Bewusstsein und Akzeptanz erh\u00f6hen: Um die Elektromobilit\u00e4t und vor allem bidirektionales Laden f\u00fcr die Menschen an- bzw. begreifbar zu machen, wird eine bidirektionale Ladestation zus\u00e4tzlich zu den geplanten mehrmonatigen Teststandorten bei hoch frequentierten Veranstaltungen eingesetzt um vor Ort mittels Visualisierung nachvollziehbar und verst\u00e4ndlich die Potenziale von bidirektionalem Laden aufzuzeigen und zu demonstrieren. Der Fokus liegt hier auf l\u00e4ndlichen Regionen, wo Individualverkehr auch zuk\u00fcnftig eine gro\u00dfe Rolle einnehmen wird.<\/li><li>Analyse und Bewertung der individuellen und systemischen Auswirkungen der entwickelten L\u00f6sungen und Gesch\u00e4ftsmodelle sowie ihres Beitrags zu SDGs unter Verwendung einer Kombination aus experimentellen und qualitativen empirischen Methoden<\/li><\/ol>\t\t\t\t\t\t\t\t<\/div>\n\t\t\t\t<\/div>\n\t\t\t\t<div class=\"elementor-element elementor-element-ed02049 elementor-widget elementor-widget-heading\" data-id=\"ed02049\" data-element_type=\"widget\" data-widget_type=\"heading.default\">\n\t\t\t\t<div class=\"elementor-widget-container\">\n\t\t\t\t\t<h3 class=\"elementor-heading-title elementor-size-default\">Erwartete Ergebnisse<\/h3>\t\t\t\t<\/div>\n\t\t\t\t<\/div>\n\t\t\t\t<div class=\"elementor-element elementor-element-53ae80c elementor-widget elementor-widget-text-editor\" data-id=\"53ae80c\" data-element_type=\"widget\" data-widget_type=\"text-editor.default\">\n\t\t\t\t<div class=\"elementor-widget-container\">\n\t\t\t\t\t\t\t\t\t<ol><li>Analyse technischer, wirtschaftlicher, nachhaltiger und gesellschaftlicher Potenziale bidirektionale Ladel\u00f6sungen<\/li><li>getestete, schl\u00fcsselfertige und anwendbare Systeml\u00f6sungen f\u00fcr bidirektionales Laden,<\/li><li>skalierbare, nutzer- und anwendungsorientierte Gesch\u00e4ftsmodelle mit hoher Akzeptanz bei Unternehmen und in der Bev\u00f6lkerung<\/li><li>Handlungsempfehlungen f\u00fcr Entscheidungstr\u00e4gerInnen und Beh\u00f6rden unter Ber\u00fccksichtigung der Sustainable Development Goals<\/li><\/ol><p><i>Das Projekt \u201eStorebility2Market &#8211; Evaluierung und Demonstration der energiewirtschaftlichen und -technischen Potenziale von bidirektionalem Laden\u201c wurde im Rahmen der 6. Ausschreibung des Programms \u201eZero Emission Mobility\u201c <\/i><i>durch den Klima<\/i><i> und Energiefonds gef\u00f6rdert.<\/i><\/p>\t\t\t\t\t\t\t\t<\/div>\n\t\t\t\t<\/div>\n\t\t\t\t<div class=\"elementor-element elementor-element-a5a9dde elementor-widget elementor-widget-heading\" data-id=\"a5a9dde\" data-element_type=\"widget\" data-widget_type=\"heading.default\">\n\t\t\t\t<div class=\"elementor-widget-container\">\n\t\t\t\t\t<h3 class=\"elementor-heading-title elementor-size-default\">Kontakt<\/h3>\t\t\t\t<\/div>\n\t\t\t\t<\/div>\n\t\t\t\t<div class=\"elementor-element elementor-element-a4adf30 elementor-widget elementor-widget-text-editor\" data-id=\"a4adf30\" data-element_type=\"widget\" data-widget_type=\"text-editor.default\">\n\t\t\t\t<div class=\"elementor-widget-container\">\n\t\t\t\t\t\t\t\t\t<p><strong>Kurt Leonhartsberger<\/strong><br \/>0676 970 1986, <a href=\"mailto:kurtleonhartsberger@gmail.com\">kurtleonhartsberger@gmail.com<\/a><\/p>\t\t\t\t\t\t\t\t<\/div>\n\t\t\t\t<\/div>\n\t\t\t\t\t<\/div>\n\t\t\t\t<\/div>\n\t\t<div class=\"elementor-element elementor-element-cb9a85a e-flex e-con-boxed e-con e-parent\" data-id=\"cb9a85a\" data-element_type=\"container\">\n\t\t\t\t\t<div class=\"e-con-inner\">\n\t\t\t\t<div class=\"elementor-element elementor-element-fc7faf1 elementor-widget elementor-widget-image-carousel\" data-id=\"fc7faf1\" data-element_type=\"widget\" data-settings=\"{&quot;slides_to_show&quot;:&quot;5&quot;,&quot;navigation&quot;:&quot;none&quot;,&quot;image_spacing_custom&quot;:{&quot;unit&quot;:&quot;px&quot;,&quot;size&quot;:66,&quot;sizes&quot;:[]},&quot;autoplay&quot;:&quot;yes&quot;,&quot;pause_on_hover&quot;:&quot;yes&quot;,&quot;pause_on_interaction&quot;:&quot;yes&quot;,&quot;autoplay_speed&quot;:5000,&quot;infinite&quot;:&quot;yes&quot;,&quot;speed&quot;:500,&quot;image_spacing_custom_tablet&quot;:{&quot;unit&quot;:&quot;px&quot;,&quot;size&quot;:&quot;&quot;,&quot;sizes&quot;:[]},&quot;image_spacing_custom_mobile&quot;:{&quot;unit&quot;:&quot;px&quot;,&quot;size&quot;:&quot;&quot;,&quot;sizes&quot;:[]}}\" data-widget_type=\"image-carousel.default\">\n\t\t\t\t<div class=\"elementor-widget-container\">\n\t\t\t\t\t\t\t<div class=\"elementor-image-carousel-wrapper swiper\" role=\"region\" aria-roledescription=\"carousel\" aria-label=\"Image Carousel\" dir=\"ltr\">\n\t\t\t<div class=\"elementor-image-carousel swiper-wrapper\" aria-live=\"off\">\n\t\t\t\t\t\t\t\t<div class=\"swiper-slide\" role=\"group\" aria-roledescription=\"slide\" aria-label=\"1 von 5\"><figure class=\"swiper-slide-inner\"><img decoding=\"async\" class=\"swiper-slide-image\" src=\"https:\/\/powerhub.at\/wp-content\/uploads\/2024\/06\/TU_Wien-Logo.png\" alt=\"TU_Wien-Logo\" \/><\/figure><\/div><div class=\"swiper-slide\" role=\"group\" aria-roledescription=\"slide\" aria-label=\"2 von 5\"><figure class=\"swiper-slide-inner\"><img decoding=\"async\" class=\"swiper-slide-image\" src=\"https:\/\/powerhub.at\/wp-content\/uploads\/2024\/06\/logo-e-pool-1.jpg\" alt=\"logo-e-pool\" \/><\/figure><\/div><div class=\"swiper-slide\" role=\"group\" aria-roledescription=\"slide\" aria-label=\"3 von 5\"><figure class=\"swiper-slide-inner\"><img decoding=\"async\" class=\"swiper-slide-image\" src=\"https:\/\/powerhub.at\/wp-content\/uploads\/2024\/06\/Logo_Sonnenplatz.png\" alt=\"Logo_Sonnenplatz\" \/><\/figure><\/div><div class=\"swiper-slide\" role=\"group\" aria-roledescription=\"slide\" aria-label=\"4 von 5\"><figure class=\"swiper-slide-inner\"><img decoding=\"async\" class=\"swiper-slide-image\" src=\"https:\/\/powerhub.at\/wp-content\/uploads\/2024\/06\/RB-Logo-rechts-M-space.png\" alt=\"RB-Logo-rechts-M space\" \/><\/figure><\/div><div class=\"swiper-slide\" role=\"group\" aria-roledescription=\"slide\" aria-label=\"5 von 5\"><figure class=\"swiper-slide-inner\"><img decoding=\"async\" class=\"swiper-slide-image\" src=\"https:\/\/powerhub.at\/wp-content\/uploads\/2024\/06\/logo-implantat.png\" alt=\"logo-implantat\" \/><\/figure><\/div>\t\t\t<\/div>\n\t\t\t\t\t\t\t\n\t\t\t\t\t\t\t\t\t<\/div>\n\t\t\t\t\t\t<\/div>\n\t\t\t\t<\/div>\n\t\t\t\t\t<\/div>\n\t\t\t\t<\/div>\n\t\t\t\t<\/div>\n\t\t","protected":false},"excerpt":{"rendered":"<p>Forschungsprojekt Storebility2Market Evaluierung und Demonstration der energiewirtschaftlichen und -technischen Potenziale von bidirektionalem Laden \u00dcber das Projekt Storebility2Market Ausgangssituation und Problemstellung Sowohl der Ausbau von Photovoltaikanlagen als auch der Bestand an elektrisch betriebenen Fahrzeugen nimmt stetig zu. Immer mehr Menschen sind privat aber auch beruflich elektrisch unterwegs und mehr und mehr Elektroautos sind auf den Stra\u00dfen, [&hellip;]<\/p>\n","protected":false},"author":1,"featured_media":1217,"parent":0,"menu_order":8,"comment_status":"closed","ping_status":"closed","template":"elementor_header_footer","meta":{"site-sidebar-layout":"no-sidebar","site-content-layout":"","ast-site-content-layout":"full-width-container","site-content-style":"default","site-sidebar-style":"default","ast-global-header-display":"","ast-banner-title-visibility":"","ast-main-header-display":"","ast-hfb-above-header-display":"","ast-hfb-below-header-display":"","ast-hfb-mobile-header-display":"","site-post-title":"disabled","ast-breadcrumbs-content":"","ast-featured-img":"disabled","footer-sml-layout":"","ast-disable-related-posts":"","theme-transparent-header-meta":"","adv-header-id-meta":"","stick-header-meta":"","header-above-stick-meta":"","header-main-stick-meta":"","header-below-stick-meta":"","astra-migrate-meta-layouts":"default","ast-page-background-enabled":"default","ast-page-background-meta":{"desktop":{"background-color":"var(--ast-global-color-4)","background-image":"","background-repeat":"repeat","background-position":"center center","background-size":"auto","background-attachment":"scroll","background-type":"","background-media":"","overlay-type":"","overlay-color":"","overlay-opacity":"","overlay-gradient":""},"tablet":{"background-color":"","background-image":"","background-repeat":"repeat","background-position":"center center","background-size":"auto","background-attachment":"scroll","background-type":"","background-media":"","overlay-type":"","overlay-color":"","overlay-opacity":"","overlay-gradient":""},"mobile":{"background-color":"","background-image":"","background-repeat":"repeat","background-position":"center center","background-size":"auto","background-attachment":"scroll","background-type":"","background-media":"","overlay-type":"","overlay-color":"","overlay-opacity":"","overlay-gradient":""}},"ast-content-background-meta":{"desktop":{"background-color":"var(--ast-global-color-5)","background-image":"","background-repeat":"repeat","background-position":"center center","background-size":"auto","background-attachment":"scroll","background-type":"","background-media":"","overlay-type":"","overlay-color":"","overlay-opacity":"","overlay-gradient":""},"tablet":{"background-color":"var(--ast-global-color-5)","background-image":"","background-repeat":"repeat","background-position":"center center","background-size":"auto","background-attachment":"scroll","background-type":"","background-media":"","overlay-type":"","overlay-color":"","overlay-opacity":"","overlay-gradient":""},"mobile":{"background-color":"var(--ast-global-color-5)","background-image":"","background-repeat":"repeat","background-position":"center center","background-size":"auto","background-attachment":"scroll","background-type":"","background-media":"","overlay-type":"","overlay-color":"","overlay-opacity":"","overlay-gradient":""}},"footnotes":""},"class_list":["post-1153","page","type-page","status-publish","has-post-thumbnail","hentry"],"_links":{"self":[{"href":"https:\/\/powerhub.at\/index.php\/wp-json\/wp\/v2\/pages\/1153","targetHints":{"allow":["GET"]}}],"collection":[{"href":"https:\/\/powerhub.at\/index.php\/wp-json\/wp\/v2\/pages"}],"about":[{"href":"https:\/\/powerhub.at\/index.php\/wp-json\/wp\/v2\/types\/page"}],"author":[{"embeddable":true,"href":"https:\/\/powerhub.at\/index.php\/wp-json\/wp\/v2\/users\/1"}],"replies":[{"embeddable":true,"href":"https:\/\/powerhub.at\/index.php\/wp-json\/wp\/v2\/comments?post=1153"}],"version-history":[{"count":103,"href":"https:\/\/powerhub.at\/index.php\/wp-json\/wp\/v2\/pages\/1153\/revisions"}],"predecessor-version":[{"id":2403,"href":"https:\/\/powerhub.at\/index.php\/wp-json\/wp\/v2\/pages\/1153\/revisions\/2403"}],"wp:featuredmedia":[{"embeddable":true,"href":"https:\/\/powerhub.at\/index.php\/wp-json\/wp\/v2\/media\/1217"}],"wp:attachment":[{"href":"https:\/\/powerhub.at\/index.php\/wp-json\/wp\/v2\/media?parent=1153"}],"curies":[{"name":"wp","href":"https:\/\/api.w.org\/{rel}","templated":true}]}}